
{"id":8092,"date":"2025-06-27T19:00:50","date_gmt":"2025-06-27T22:00:50","guid":{"rendered":"https:\/\/moderniza.me\/juventude\/?post_type=product&#038;p=8092"},"modified":"2025-11-19T17:58:06","modified_gmt":"2025-11-19T20:58:06","slug":"camisa-oficial-2025-3-verde-masculina-manga-curta-sem-personalizacao","status":"publish","type":"product","link":"https:\/\/moderniza.me\/juventude\/product\/camisa-oficial-2025-3-verde-masculina-manga-curta-sem-personalizacao\/","title":{"rendered":"CAMISA OFICIAL 2025\/3 VERDE MASCULINA &#8211; MANGA CURTA &#8211; SEM PERSONALIZA\u00c7\u00c3O"},"content":{"rendered":"<p>Apresentamos a nova camisa do Juventude para a temporada 2025, modelo masculino 2025\/3!<\/p>\n<p>Com a cor verde no tradicional Juventude, a pe\u00e7a combina tradi\u00e7\u00e3o e modernidade em um design que destaca o orgulho alviverde.<\/p>\n<p>Acompanhe cada jogo com estilo e vista o manto com orgulho!<\/p>\n<p>Camisa Oficial Verde TEMPORADA 2025\u00a0 \u2013\u00a0 Manga Curta<\/p>\n<p><em><strong>item sem\u00a0personaliza\u00e7\u00e3o<\/strong><\/em><\/p>\n<p>Medidas Aproximadas MASCULINO (Comprimento x Peito x Ombros)<\/p>\n<p>P \u2013 70 cm x 47,5 cm x 41 cm<br \/>\nM \u2013 72 cm x 49,5 cm x 42,5 cm<br \/>\nG \u2013 74 cm x 51,5 cm x 44 cm<br \/>\nGG \u2013 76 cm x 53,5 cm x 45,5 cm<br \/>\nXGG \u2013 78 cm x 56,5 cm x 47 cm<br \/>\n3XG \u2013 80 cm x 59,5 cm x 48,5 cm<br \/>\n4XG \u2013 82 cm x 62,5 cm x 50 cm<br \/>\n5XG \u2013 84 cm x 65,5 cm x 51,5 cm<\/p>\n","protected":false},"excerpt":{"rendered":"<p>Nova camisa Masculina 2025\/3 Verde do Juventude<\/p>\n<p>&nbsp;<\/p>\n","protected":false},"featured_media":8115,"template":"","meta":{"spay_email":""},"yoast_head":"<!-- This site is optimized with the Yoast SEO plugin v15.7 - https:\/\/yoast.com\/wordpress\/plugins\/seo\/ -->\n<title>CAMISA OFICIAL 2025\/3 VERDE MASCULINA - MANGA CURTA - SEM PERSONALIZA\u00c7\u00c3O - Loja do Juventude<\/title>\n<meta name=\"robots\" content=\"index, follow, max-snippet:-1, max-image-preview:large, max-video-preview:-1\" \/>\n<link rel=\"canonical\" href=\"https:\/\/moderniza.me\/juventude\/product\/camisa-oficial-2025-3-verde-masculina-manga-curta-sem-personalizacao\/\" \/>\n<meta property=\"og:locale\" content=\"pt_BR\" \/>\n<meta property=\"og:type\" content=\"article\" \/>\n<meta property=\"og:title\" content=\"CAMISA OFICIAL 2025\/3 VERDE MASCULINA - MANGA CURTA - SEM PERSONALIZA\u00c7\u00c3O - Loja do Juventude\" \/>\n<meta property=\"og:description\" content=\"Nova camisa Masculina 2025\/3 Verde do Juventude  &nbsp;\" \/>\n<meta property=\"og:url\" content=\"https:\/\/moderniza.me\/juventude\/product\/camisa-oficial-2025-3-verde-masculina-manga-curta-sem-personalizacao\/\" \/>\n<meta property=\"og:site_name\" content=\"Loja do Juventude\" \/>\n<meta property=\"article:modified_time\" content=\"2025-11-19T20:58:06+00:00\" \/>\n<meta property=\"og:image\" content=\"https:\/\/moderniza.me\/juventude\/wp-content\/uploads\/sites\/45\/2025\/06\/b2559bec-88a4-42d8-b627-b6b1b61da875.jpeg\" \/>\n\t<meta property=\"og:image:width\" content=\"1280\" \/>\n\t<meta property=\"og:image:height\" content=\"853\" \/>\n<meta name=\"twitter:card\" content=\"summary_large_image\" \/>\n<meta name=\"twitter:label1\" content=\"Est. reading time\">\n\t<meta name=\"twitter:data1\" content=\"1 minuto\">\n<script type=\"application\/ld+json\" class=\"yoast-schema-graph\">{\"@context\":\"https:\/\/schema.org\",\"@graph\":[{\"@type\":\"WebSite\",\"@id\":\"https:\/\/moderniza.me\/juventude\/#website\",\"url\":\"https:\/\/moderniza.me\/juventude\/\",\"name\":\"Loja do Juventude\",\"description\":\"\",\"potentialAction\":[{\"@type\":\"SearchAction\",\"target\":\"https:\/\/moderniza.me\/juventude\/?s={search_term_string}\",\"query-input\":\"required name=search_term_string\"}],\"inLanguage\":\"pt-BR\"},{\"@type\":\"ImageObject\",\"@id\":\"https:\/\/moderniza.me\/juventude\/product\/camisa-oficial-2025-3-verde-masculina-manga-curta-sem-personalizacao\/#primaryimage\",\"inLanguage\":\"pt-BR\",\"url\":\"https:\/\/moderniza.me\/juventude\/wp-content\/uploads\/sites\/45\/2025\/06\/b2559bec-88a4-42d8-b627-b6b1b61da875.jpeg\",\"width\":1280,\"height\":853},{\"@type\":\"WebPage\",\"@id\":\"https:\/\/moderniza.me\/juventude\/product\/camisa-oficial-2025-3-verde-masculina-manga-curta-sem-personalizacao\/#webpage\",\"url\":\"https:\/\/moderniza.me\/juventude\/product\/camisa-oficial-2025-3-verde-masculina-manga-curta-sem-personalizacao\/\",\"name\":\"CAMISA OFICIAL 2025\/3 VERDE MASCULINA - MANGA CURTA - SEM PERSONALIZA\\u00c7\\u00c3O - Loja do Juventude\",\"isPartOf\":{\"@id\":\"https:\/\/moderniza.me\/juventude\/#website\"},\"primaryImageOfPage\":{\"@id\":\"https:\/\/moderniza.me\/juventude\/product\/camisa-oficial-2025-3-verde-masculina-manga-curta-sem-personalizacao\/#primaryimage\"},\"datePublished\":\"2025-06-27T22:00:50+00:00\",\"dateModified\":\"2025-11-19T20:58:06+00:00\",\"inLanguage\":\"pt-BR\",\"potentialAction\":[{\"@type\":\"ReadAction\",\"target\":[\"https:\/\/moderniza.me\/juventude\/product\/camisa-oficial-2025-3-verde-masculina-manga-curta-sem-personalizacao\/\"]}]}]}<\/script>\n<!-- \/ Yoast SEO plugin. -->","_links":{"self":[{"href":"https:\/\/moderniza.me\/juventude\/wp-json\/wp\/v2\/product\/8092"}],"collection":[{"href":"https:\/\/moderniza.me\/juventude\/wp-json\/wp\/v2\/product"}],"about":[{"href":"https:\/\/moderniza.me\/juventude\/wp-json\/wp\/v2\/types\/product"}],"wp:featuredmedia":[{"embeddable":true,"href":"https:\/\/moderniza.me\/juventude\/wp-json\/wp\/v2\/media\/8115"}],"wp:attachment":[{"href":"https:\/\/moderniza.me\/juventude\/wp-json\/wp\/v2\/media?parent=8092"}],"curies":[{"name":"wp","href":"https:\/\/api.w.org\/{rel}","templated":true}]}}