
{"id":7130,"date":"2024-06-26T11:17:41","date_gmt":"2024-06-26T14:17:41","guid":{"rendered":"https:\/\/moderniza.me\/juventude\/?post_type=product&#038;p=7130"},"modified":"2025-04-23T15:34:37","modified_gmt":"2025-04-23T18:34:37","slug":"camisa-lendaria-valmir-louruz","status":"publish","type":"product","link":"https:\/\/moderniza.me\/juventude\/product\/camisa-lendaria-valmir-louruz\/","title":{"rendered":"CAMISA LENDARIA VALMIR LOURUZ\u00a0"},"content":{"rendered":"<p>CAMISA LENDARIA VALMIR LOURUZ<\/p>\n<p>ANIVERSARIO 111 ANOS ESPORTE CLUBE JUVENTUDE<\/p>\n<p>No ano de 1977 o Juventude teve sua primeira participa\u00e7\u00e3o na S\u00e9rie A,<br \/>\nna \u00e9poca chamada de Copa Brasil.<\/p>\n<p>Como Capit\u00e3o, o bravo e guerreiro VALMIR LOURUZ,<br \/>\nvestiu, lutou e respeitou nosso manto dentro de campo.<\/p>\n<p>D\u00e9cadas depois, fora das 4 linhas, levou nosso Juventude<br \/>\npara a maior gl\u00f3ria de todas, como nosso t\u00e9cnico na<br \/>\nconquista da Copa do Brasil de 1999.<\/p>\n<p>Este lindo manto \u00e9 uma refer\u00eancia aos primeiros anos do<br \/>\nclube entre os grandes do futebol brasileiro e uma homenagem<br \/>\na quem a vestiu, honrou e imortalizou nossa hist\u00f3ria.<\/p>\n<p>Medidas Aproximadas (Comprimento x Peito x Ombros)<br \/>\nP \u2013 70 cm x 47,5 cm x 41 cm<br \/>\nM \u2013 72 cm x 49,5 cm x 42,5 cm<br \/>\nG \u2013 74 cm x 51,5 cm x 44 cm<br \/>\nGG \u2013 76 cm x 53,5 cm x 45,5 cm<br \/>\nXGG \u2013 78 cm x 56,5 cm x 47 cm<br \/>\n3XG \u2013 80 cm x 59,5 cm x 48,5 cm<br \/>\n4XG \u2013 82 cm x 62,5 cm x 50 cm<\/p>\n","protected":false},"excerpt":{"rendered":"<p>CAMISA LENDARIA VALMIR LOURUZ ANIVERSARIO 111 ANOS ESPORTE CLUBE JUVENTUDE No ano de 1977 o Juventude teve sua primeira participa\u00e7\u00e3o na S\u00e9rie A, na \u00e9poca chamada de Copa Brasil. Como Capit\u00e3o, o bravo e guerreiro VALMIR LOURUZ, vestiu, lutou e respeitou nosso manto dentro de campo. D\u00e9cadas depois, fora das 4 linhas, levou nosso Juventude para a maior gl\u00f3ria de todas, como nosso t\u00e9cnico na conquista da Copa do Brasil&hellip;<\/p>\n","protected":false},"featured_media":7157,"template":"","meta":{"spay_email":""},"yoast_head":"<!-- This site is optimized with the Yoast SEO plugin v15.7 - https:\/\/yoast.com\/wordpress\/plugins\/seo\/ -->\n<title>CAMISA LENDARIA VALMIR LOURUZ\u00a0 - Loja do Juventude<\/title>\n<meta name=\"description\" content=\"Diante da maior trag\u00e9dia ambiental no nosso Estado, nossos n\u00fameros v\u00e3o carregar as cores do Rio Grande do Sul, chamando a aten\u00e7\u00e3o para que as colabora\u00e7\u00f5es continuem e as fam\u00edlias atingidas sigam recebendo o suporte para que retomem suas vidas o mais r\u00e1pido poss\u00edvel.\" \/>\n<meta name=\"robots\" content=\"index, follow, max-snippet:-1, max-image-preview:large, max-video-preview:-1\" \/>\n<link rel=\"canonical\" href=\"https:\/\/moderniza.me\/juventude\/product\/camisa-lendaria-valmir-louruz\/\" \/>\n<meta property=\"og:locale\" content=\"pt_BR\" \/>\n<meta property=\"og:type\" content=\"article\" \/>\n<meta property=\"og:title\" content=\"CAMISA LENDARIA VALMIR LOURUZ\u00a0 - Loja do Juventude\" \/>\n<meta property=\"og:description\" content=\"Diante da maior trag\u00e9dia ambiental no nosso Estado, nossos n\u00fameros v\u00e3o carregar as cores do Rio Grande do Sul, chamando a aten\u00e7\u00e3o para que as colabora\u00e7\u00f5es continuem e as fam\u00edlias atingidas sigam recebendo o suporte para que retomem suas vidas o mais r\u00e1pido poss\u00edvel.\" \/>\n<meta property=\"og:url\" content=\"https:\/\/moderniza.me\/juventude\/product\/camisa-lendaria-valmir-louruz\/\" \/>\n<meta property=\"og:site_name\" content=\"Loja do Juventude\" \/>\n<meta property=\"article:modified_time\" content=\"2025-04-23T18:34:37+00:00\" \/>\n<meta property=\"og:image\" content=\"https:\/\/moderniza.me\/juventude\/wp-content\/uploads\/sites\/45\/2024\/06\/WhatsApp-Image-2024-06-19-at-09.32.47-1.jpeg\" \/>\n\t<meta property=\"og:image:width\" content=\"1600\" \/>\n\t<meta property=\"og:image:height\" content=\"1066\" \/>\n<meta name=\"twitter:card\" content=\"summary_large_image\" \/>\n<meta name=\"twitter:label1\" content=\"Est. reading time\">\n\t<meta name=\"twitter:data1\" content=\"1 minuto\">\n<script type=\"application\/ld+json\" class=\"yoast-schema-graph\">{\"@context\":\"https:\/\/schema.org\",\"@graph\":[{\"@type\":\"WebSite\",\"@id\":\"https:\/\/moderniza.me\/juventude\/#website\",\"url\":\"https:\/\/moderniza.me\/juventude\/\",\"name\":\"Loja do Juventude\",\"description\":\"\",\"potentialAction\":[{\"@type\":\"SearchAction\",\"target\":\"https:\/\/moderniza.me\/juventude\/?s={search_term_string}\",\"query-input\":\"required name=search_term_string\"}],\"inLanguage\":\"pt-BR\"},{\"@type\":\"ImageObject\",\"@id\":\"https:\/\/moderniza.me\/juventude\/product\/camisa-lendaria-valmir-louruz\/#primaryimage\",\"inLanguage\":\"pt-BR\",\"url\":\"https:\/\/moderniza.me\/juventude\/wp-content\/uploads\/sites\/45\/2024\/06\/WhatsApp-Image-2024-06-19-at-09.32.47-1.jpeg\",\"width\":1600,\"height\":1066},{\"@type\":\"WebPage\",\"@id\":\"https:\/\/moderniza.me\/juventude\/product\/camisa-lendaria-valmir-louruz\/#webpage\",\"url\":\"https:\/\/moderniza.me\/juventude\/product\/camisa-lendaria-valmir-louruz\/\",\"name\":\"CAMISA LENDARIA VALMIR LOURUZ\\u00a0 - Loja do Juventude\",\"isPartOf\":{\"@id\":\"https:\/\/moderniza.me\/juventude\/#website\"},\"primaryImageOfPage\":{\"@id\":\"https:\/\/moderniza.me\/juventude\/product\/camisa-lendaria-valmir-louruz\/#primaryimage\"},\"datePublished\":\"2024-06-26T14:17:41+00:00\",\"dateModified\":\"2025-04-23T18:34:37+00:00\",\"description\":\"Diante da maior trag\\u00e9dia ambiental no nosso Estado, nossos n\\u00fameros v\\u00e3o carregar as cores do Rio Grande do Sul, chamando a aten\\u00e7\\u00e3o para que as colabora\\u00e7\\u00f5es continuem e as fam\\u00edlias atingidas sigam recebendo o suporte para que retomem suas vidas o mais r\\u00e1pido poss\\u00edvel.\",\"inLanguage\":\"pt-BR\",\"potentialAction\":[{\"@type\":\"ReadAction\",\"target\":[\"https:\/\/moderniza.me\/juventude\/product\/camisa-lendaria-valmir-louruz\/\"]}]}]}<\/script>\n<!-- \/ Yoast SEO plugin. -->","_links":{"self":[{"href":"https:\/\/moderniza.me\/juventude\/wp-json\/wp\/v2\/product\/7130"}],"collection":[{"href":"https:\/\/moderniza.me\/juventude\/wp-json\/wp\/v2\/product"}],"about":[{"href":"https:\/\/moderniza.me\/juventude\/wp-json\/wp\/v2\/types\/product"}],"wp:featuredmedia":[{"embeddable":true,"href":"https:\/\/moderniza.me\/juventude\/wp-json\/wp\/v2\/media\/7157"}],"wp:attachment":[{"href":"https:\/\/moderniza.me\/juventude\/wp-json\/wp\/v2\/media?parent=7130"}],"curies":[{"name":"wp","href":"https:\/\/api.w.org\/{rel}","templated":true}]}}