
{"id":10016,"date":"2026-08-24T16:52:13","date_gmt":"2026-08-24T19:52:13","guid":{"rendered":"https:\/\/moderniza.me\/juventude\/?post_type=product&#038;p=10016"},"modified":"2026-08-26T16:05:35","modified_gmt":"2026-08-26T19:05:35","slug":"jaqueta-treino-atleta-2026","status":"publish","type":"product","link":"https:\/\/moderniza.me\/juventude\/product\/jaqueta-treino-atleta-2026\/","title":{"rendered":"JAQUETA TREINO ATLETA 2026"},"content":{"rendered":"<p>Jaqueta de Treino Juventude 2026<\/p>\n<p>Desenvolvida para acompanhar a rotina de treinos, a Jaqueta de Treino Juventude 2026 combina leveza, conforto e identidade jaconera.<\/p>\n<p>Em tom verde vibrante, o modelo traz grafismos exclusivos em verde escuro, criando um visual moderno e esportivo. Possui mangas longas com abertura para o polegar e gola alta com z\u00edper parcial, proporcionando maior prote\u00e7\u00e3o e praticidade durante os treinos.<\/p>\n<p>O escudo do Juventude e a marca 19TREZE completam o design, trazendo a identidade do clube para dentro e fora dos gramados.<\/p>\n<p>Uma pe\u00e7a ideal para quem busca conforto, estilo e desempenho, vestindo as mesmas cores utilizadas na rotina de treinos do Verd\u00e3o.<\/p>\n","protected":false},"excerpt":{"rendered":"<p>Jaqueta de Treino Juventude 2026<\/p>\n<p>Desenvolvida para acompanhar a rotina de treinos, a Jaqueta de Treino Juventude 2026 combina leveza, conforto e identidade jaconera.<\/p>\n<p>Em tom verde vibrante, o modelo traz grafismos exclusivos em verde escuro, criando um visual moderno e esportivo. Possui mangas longas com abertura para o polegar e gola alta com z\u00edper parcial, proporcionando maior prote\u00e7\u00e3o e praticidade durante os treinos.<\/p>\n<p>O escudo do Juventude e a marca 19TREZE completam o design, trazendo a identidade do clube para dentro e fora dos gramados.<\/p>\n<p>Uma pe\u00e7a ideal para quem busca conforto, estilo e desempenho, vestindo as mesmas pe\u00e7as utilizadas na rotina de treinos do Ju.<\/p>\n","protected":false},"featured_media":10030,"template":"","meta":{"spay_email":""},"yoast_head":"<!-- This site is optimized with the Yoast SEO plugin v15.7 - https:\/\/yoast.com\/wordpress\/plugins\/seo\/ -->\n<title>JAQUETA TREINO ATLETA 2026 - Loja do Juventude<\/title>\n<meta name=\"description\" content=\"Diante da maior trag\u00e9dia ambiental no nosso Estado, nossos n\u00fameros v\u00e3o carregar as cores do Rio Grande do Sul, chamando a aten\u00e7\u00e3o para que as colabora\u00e7\u00f5es continuem e as fam\u00edlias atingidas sigam recebendo o suporte para que retomem suas vidas o mais r\u00e1pido poss\u00edvel.\" \/>\n<meta name=\"robots\" content=\"index, follow, max-snippet:-1, max-image-preview:large, max-video-preview:-1\" \/>\n<link rel=\"canonical\" href=\"https:\/\/moderniza.me\/juventude\/product\/jaqueta-treino-atleta-2026\/\" \/>\n<meta property=\"og:locale\" content=\"pt_BR\" \/>\n<meta property=\"og:type\" content=\"article\" \/>\n<meta property=\"og:title\" content=\"JAQUETA TREINO ATLETA 2026 - Loja do Juventude\" \/>\n<meta property=\"og:description\" content=\"Diante da maior trag\u00e9dia ambiental no nosso Estado, nossos n\u00fameros v\u00e3o carregar as cores do Rio Grande do Sul, chamando a aten\u00e7\u00e3o para que as colabora\u00e7\u00f5es continuem e as fam\u00edlias atingidas sigam recebendo o suporte para que retomem suas vidas o mais r\u00e1pido poss\u00edvel.\" \/>\n<meta property=\"og:url\" content=\"https:\/\/moderniza.me\/juventude\/product\/jaqueta-treino-atleta-2026\/\" \/>\n<meta property=\"og:site_name\" content=\"Loja do Juventude\" \/>\n<meta property=\"article:modified_time\" content=\"2026-08-26T19:05:35+00:00\" \/>\n<meta property=\"og:image\" content=\"https:\/\/moderniza.me\/juventude\/wp-content\/uploads\/sites\/45\/2026\/08\/Screenshot_1.jpg\" \/>\n\t<meta property=\"og:image:width\" content=\"720\" \/>\n\t<meta property=\"og:image:height\" content=\"720\" \/>\n<meta name=\"twitter:card\" content=\"summary_large_image\" \/>\n<script type=\"application\/ld+json\" class=\"yoast-schema-graph\">{\"@context\":\"https:\/\/schema.org\",\"@graph\":[{\"@type\":\"WebSite\",\"@id\":\"https:\/\/moderniza.me\/juventude\/#website\",\"url\":\"https:\/\/moderniza.me\/juventude\/\",\"name\":\"Loja do Juventude\",\"description\":\"\",\"potentialAction\":[{\"@type\":\"SearchAction\",\"target\":\"https:\/\/moderniza.me\/juventude\/?s={search_term_string}\",\"query-input\":\"required name=search_term_string\"}],\"inLanguage\":\"pt-BR\"},{\"@type\":\"ImageObject\",\"@id\":\"https:\/\/moderniza.me\/juventude\/product\/jaqueta-treino-atleta-2026\/#primaryimage\",\"inLanguage\":\"pt-BR\",\"url\":\"https:\/\/moderniza.me\/juventude\/wp-content\/uploads\/sites\/45\/2026\/08\/Screenshot_1.jpg\",\"width\":720,\"height\":720},{\"@type\":\"WebPage\",\"@id\":\"https:\/\/moderniza.me\/juventude\/product\/jaqueta-treino-atleta-2026\/#webpage\",\"url\":\"https:\/\/moderniza.me\/juventude\/product\/jaqueta-treino-atleta-2026\/\",\"name\":\"JAQUETA TREINO ATLETA 2026 - Loja do Juventude\",\"isPartOf\":{\"@id\":\"https:\/\/moderniza.me\/juventude\/#website\"},\"primaryImageOfPage\":{\"@id\":\"https:\/\/moderniza.me\/juventude\/product\/jaqueta-treino-atleta-2026\/#primaryimage\"},\"datePublished\":\"2026-08-24T19:52:13+00:00\",\"dateModified\":\"2026-08-26T19:05:35+00:00\",\"description\":\"Diante da maior trag\\u00e9dia ambiental no nosso Estado, nossos n\\u00fameros v\\u00e3o carregar as cores do Rio Grande do Sul, chamando a aten\\u00e7\\u00e3o para que as colabora\\u00e7\\u00f5es continuem e as fam\\u00edlias atingidas sigam recebendo o suporte para que retomem suas vidas o mais r\\u00e1pido poss\\u00edvel.\",\"inLanguage\":\"pt-BR\",\"potentialAction\":[{\"@type\":\"ReadAction\",\"target\":[\"https:\/\/moderniza.me\/juventude\/product\/jaqueta-treino-atleta-2026\/\"]}]}]}<\/script>\n<!-- \/ Yoast SEO plugin. -->","_links":{"self":[{"href":"https:\/\/moderniza.me\/juventude\/wp-json\/wp\/v2\/product\/10016"}],"collection":[{"href":"https:\/\/moderniza.me\/juventude\/wp-json\/wp\/v2\/product"}],"about":[{"href":"https:\/\/moderniza.me\/juventude\/wp-json\/wp\/v2\/types\/product"}],"wp:featuredmedia":[{"embeddable":true,"href":"https:\/\/moderniza.me\/juventude\/wp-json\/wp\/v2\/media\/10030"}],"wp:attachment":[{"href":"https:\/\/moderniza.me\/juventude\/wp-json\/wp\/v2\/media?parent=10016"}],"curies":[{"name":"wp","href":"https:\/\/api.w.org\/{rel}","templated":true}]}}